{"id":244,"date":"2021-09-10T15:26:00","date_gmt":"2021-09-10T20:26:00","guid":{"rendered":"http:\/\/estacion-04.local\/arainmba\/?page_id=244"},"modified":"2021-09-22T08:56:19","modified_gmt":"2021-09-22T13:56:19","slug":"cronograma","status":"publish","type":"page","link":"https:\/\/www.uniamazonia.edu.co\/arainmba\/index.php\/cronograma\/","title":{"rendered":"Cronograma"},"content":{"rendered":"\t\t<div data-elementor-type=\"wp-page\" data-elementor-id=\"244\" class=\"elementor elementor-244\" data-elementor-settings=\"[]\">\n\t\t\t\t\t\t\t<div class=\"elementor-section-wrap\">\n\t\t\t\t\t\t\t<section class=\"elementor-section elementor-top-section elementor-element elementor-element-13c1b28 elementor-section-boxed elementor-section-height-default elementor-section-height-default\" data-id=\"13c1b28\" data-element_type=\"section\" data-settings=\"{&quot;background_background&quot;:&quot;classic&quot;}\">\n\t\t\t\t\t\t<div class=\"elementor-container elementor-column-gap-default\">\n\t\t\t\t\t<div class=\"elementor-column elementor-col-100 elementor-top-column elementor-element elementor-element-6ce7c672\" data-id=\"6ce7c672\" data-element_type=\"column\">\n\t\t\t<div class=\"elementor-widget-wrap elementor-element-populated\">\n\t\t\t\t\t\t\t\t<div class=\"elementor-element elementor-element-e74550f elementor-widget elementor-widget-spacer\" data-id=\"e74550f\" data-element_type=\"widget\" data-widget_type=\"spacer.default\">\n\t\t\t\t<div class=\"elementor-widget-container\">\n\t\t\t\t\t<div class=\"elementor-spacer\">\n\t\t\t<div class=\"elementor-spacer-inner\"><\/div>\n\t\t<\/div>\n\t\t\t\t<\/div>\n\t\t\t\t<\/div>\n\t\t\t\t<div class=\"elementor-element elementor-element-79e1b717 elementor-widget elementor-widget-heading\" data-id=\"79e1b717\" data-element_type=\"widget\" data-widget_type=\"heading.default\">\n\t\t\t\t<div class=\"elementor-widget-container\">\n\t\t\t<h4 class=\"elementor-heading-title elementor-size-default\">Cronograma<\/h4>\t\t<\/div>\n\t\t\t\t<\/div>\n\t\t\t\t<div class=\"elementor-element elementor-element-59e4c9e5 elementor-widget elementor-widget-image\" data-id=\"59e4c9e5\" data-element_type=\"widget\" data-widget_type=\"image.default\">\n\t\t\t\t<div class=\"elementor-widget-container\">\n\t\t\t\t\t\t\t\t\t\t\t\t\t\t\t<img width=\"300\" height=\"3\" src=\"https:\/\/www.uniamazonia.edu.co\/arainmba\/wp-content\/uploads\/2021\/09\/line-300x3.png\" class=\"attachment-medium size-medium\" alt=\"\" loading=\"lazy\" srcset=\"https:\/\/www.uniamazonia.edu.co\/arainmba\/wp-content\/uploads\/2021\/09\/line-300x3.png 300w, https:\/\/www.uniamazonia.edu.co\/arainmba\/wp-content\/uploads\/2021\/09\/line-1024x11.png 1024w, https:\/\/www.uniamazonia.edu.co\/arainmba\/wp-content\/uploads\/2021\/09\/line-768x8.png 768w, https:\/\/www.uniamazonia.edu.co\/arainmba\/wp-content\/uploads\/2021\/09\/line.png 1398w\" sizes=\"(max-width: 300px) 100vw, 300px\" \/>\t\t\t\t\t\t\t\t\t\t\t\t\t\t\t<\/div>\n\t\t\t\t<\/div>\n\t\t\t\t\t<\/div>\n\t\t<\/div>\n\t\t\t\t\t\t\t<\/div>\n\t\t<\/section>\n\t\t\t\t<section class=\"elementor-section elementor-top-section elementor-element elementor-element-7c35797 elementor-section-boxed elementor-section-height-default elementor-section-height-default\" data-id=\"7c35797\" data-element_type=\"section\">\n\t\t\t\t\t\t<div class=\"elementor-container elementor-column-gap-default\">\n\t\t\t\t\t<div class=\"elementor-column elementor-col-50 elementor-top-column elementor-element elementor-element-130eddb\" data-id=\"130eddb\" data-element_type=\"column\">\n\t\t\t<div class=\"elementor-widget-wrap elementor-element-populated\">\n\t\t\t\t\t\t\t\t<div class=\"elementor-element elementor-element-743ecf2d elementor-widget elementor-widget-wp-widget-text\" data-id=\"743ecf2d\" data-element_type=\"widget\" data-widget_type=\"wp-widget-text.default\">\n\t\t\t\t<div class=\"elementor-widget-container\">\n\t\t\t\t\t\t<div class=\"textwidget\"><p style=\"text-align: justify\"><span lang=\"ES\" style=\"margin: 0px;padding: 0px;font-size: 11pt;line-height: 15.6933px;font-family: Lato;color: #000\">Las sesiones de divulgaci\u00f3n (talleres y\/o conferencia) de los resultados del proyecto se desarrollan en los municipios Priorizados de San Vicente del Cagu\u00e1n &#8211; Cartagena del Chaira &#8211; Doncello &#8211; Puerto Rico \u2013 Albania; se tiene una capacidad de asistencia para 40 personas por cada evento, buscando que participen habitantes del Municipio priorizado y de los municipios vecinos. La realizaci\u00f3n de los talleres se har\u00e1 por cada resultado generado en el proyecto.<\/span><span lang=\"ES\" style=\"margin: 0px;padding: 0px;font-size: 11pt;line-height: 15.6933px;font-family: Lato;color: #000\">Para tal fin se cuenta con personal t\u00e9cnico que desarrolla dichas actividades, recintos de capacidad acorde, equipos audiovisuales, refrigerios, log\u00edstica y desplazamiento del personal t\u00e9cnico a los sitios definidos. Se realiz\u00f3 la invitaci\u00f3n por los diferentes medios de mensajer\u00eda y confirmaci\u00f3n telef\u00f3nica de asistencia a los diferentes actores del sector agropecuario del departamento, incluyendo Universidades, entidades estatales y privadas, asociaciones de productores y productores agropecuarios independientes. La organizaci\u00f3n de estas jornadas est\u00e1 a cargo del director del proyecto y la presentaci\u00f3n a cargo de uno de los profesionales del equipo t\u00e9cnico.<\/span><\/p>\n<\/div>\n\t\t\t\t<\/div>\n\t\t\t\t<\/div>\n\t\t\t\t\t<\/div>\n\t\t<\/div>\n\t\t\t\t<div class=\"elementor-column elementor-col-50 elementor-top-column elementor-element elementor-element-aea9458\" data-id=\"aea9458\" data-element_type=\"column\">\n\t\t\t<div class=\"elementor-widget-wrap elementor-element-populated\">\n\t\t\t\t\t\t\t\t<div class=\"elementor-element elementor-element-a0c5d19 elementor-widget elementor-widget-image\" data-id=\"a0c5d19\" data-element_type=\"widget\" data-widget_type=\"image.default\">\n\t\t\t\t<div class=\"elementor-widget-container\">\n\t\t\t\t\t\t\t\t\t\t\t\t\t\t\t<img width=\"682\" height=\"475\" src=\"https:\/\/www.uniamazonia.edu.co\/arainmba\/wp-content\/uploads\/2021\/09\/crono.png\" class=\"attachment-large size-large\" alt=\"\" loading=\"lazy\" srcset=\"https:\/\/www.uniamazonia.edu.co\/arainmba\/wp-content\/uploads\/2021\/09\/crono.png 682w, https:\/\/www.uniamazonia.edu.co\/arainmba\/wp-content\/uploads\/2021\/09\/crono-300x209.png 300w\" sizes=\"(max-width: 682px) 100vw, 682px\" \/>\t\t\t\t\t\t\t\t\t\t\t\t\t\t\t<\/div>\n\t\t\t\t<\/div>\n\t\t\t\t\t<\/div>\n\t\t<\/div>\n\t\t\t\t\t\t\t<\/div>\n\t\t<\/section>\n\t\t\t\t<section class=\"elementor-section elementor-top-section elementor-element elementor-element-ec51ec1 elementor-section-boxed elementor-section-height-default elementor-section-height-default\" data-id=\"ec51ec1\" data-element_type=\"section\">\n\t\t\t\t\t\t<div class=\"elementor-container elementor-column-gap-default\">\n\t\t\t\t\t<div class=\"elementor-column elementor-col-100 elementor-top-column elementor-element elementor-element-a02bc2b\" data-id=\"a02bc2b\" data-element_type=\"column\">\n\t\t\t<div class=\"elementor-widget-wrap elementor-element-populated\">\n\t\t\t\t\t\t\t\t<div class=\"elementor-element elementor-element-4f527e0 elementor-widget elementor-widget-wp-widget-text\" data-id=\"4f527e0\" data-element_type=\"widget\" data-widget_type=\"wp-widget-text.default\">\n\t\t\t\t<div class=\"elementor-widget-container\">\n\t\t\t\t\t\t<div class=\"textwidget\"><p><span lang=\"ES\" style=\"margin: 0px;padding: 0px;font-size: 11pt;line-height: 15.6933px;font-family: Lato;color: #000\">A continuaci\u00f3n se muestran las fechas y lugares donde se desarrollan estas actividades de divulgaci\u00f3n de resultados (<strong>para ver el detalle del cronograma dar clic sobre los eventos seg\u00fan la fecha que desee ver<\/strong>):<\/span><\/p>\n<\/div>\n\t\t\t\t<\/div>\n\t\t\t\t<\/div>\n\t\t\t\t\t<\/div>\n\t\t<\/div>\n\t\t\t\t\t\t\t<\/div>\n\t\t<\/section>\n\t\t\t\t<section class=\"elementor-section elementor-top-section elementor-element elementor-element-02bac34 elementor-section-boxed elementor-section-height-default elementor-section-height-default\" data-id=\"02bac34\" data-element_type=\"section\">\n\t\t\t\t\t\t<div class=\"elementor-container elementor-column-gap-default\">\n\t\t\t\t\t<div class=\"elementor-column elementor-col-100 elementor-top-column elementor-element elementor-element-4fa79b8\" data-id=\"4fa79b8\" data-element_type=\"column\">\n\t\t\t<div class=\"elementor-widget-wrap elementor-element-populated\">\n\t\t\t\t\t\t\t\t<div class=\"elementor-element elementor-element-41223c1 elementor-widget elementor-widget-eael-event-calendar\" data-id=\"41223c1\" data-element_type=\"widget\" data-widget_type=\"eael-event-calendar.default\">\n\t\t\t\t<div class=\"elementor-widget-container\">\n\t\t\t<div class=\"eael-event-calendar-wrapper\"><div id=\"eael-event-calendar-41223c1\" class=\"eael-event-calendar-cls\"\n            data-cal_id = \"41223c1\"\n            data-locale = \"es\"\n            data-translate = \"{&quot;today&quot;:&quot;Hoy&quot;,&quot;tomorrow&quot;:&quot;Ma\\u00f1ana&quot;}\"\n            data-defaultview = \"dayGridMonth\"\n            data-time_format = \"\"\n            data-events=\"[{&quot;id&quot;:0,&quot;title&quot;:&quot;Taller 1 - Puerto Rico&quot;,&quot;description&quot;:&quot;&lt;p&gt;Taller 1: caracter\\u00edsticas bromatol\\u00f3gicas, nutricionales y de manejo PFNM y agroindustriales del departamento del Caquet\\u00e1.&lt;\\\/p&gt;&lt;p&gt;Hora: 9:30 AM&lt;\\\/p&gt;&lt;p&gt;Finca el Bosque&lt;\\\/p&gt;&lt;p&gt;Vereda: Arenoso Bajo&lt;\\\/p&gt;&quot;,&quot;start&quot;:&quot;2021-09-17&quot;,&quot;end&quot;:&quot;2021-09-18&quot;,&quot;borderColor&quot;:&quot;#E8E6ED&quot;,&quot;textColor&quot;:&quot;#ffffff&quot;,&quot;color&quot;:&quot;#57952E&quot;,&quot;url&quot;:&quot;&quot;,&quot;allDay&quot;:&quot;yes&quot;,&quot;external&quot;:&quot;&quot;,&quot;nofollow&quot;:&quot;&quot;},{&quot;id&quot;:1,&quot;title&quot;:&quot;Taller 1 - Puerto Rico&quot;,&quot;description&quot;:&quot;&lt;p&gt;Taller 1: caracter\\u00edsticas bromatol\\u00f3gicas, nutricionales y de manejo PFNM y agroindustriales del departamento del Caquet\\u00e1.&lt;\\\/p&gt;&lt;p&gt;Hora: 9:30 AM&lt;\\\/p&gt;&lt;p&gt;Finca: El Brillante&lt;\\\/p&gt;&lt;p&gt;Vereda: La Parada&lt;\\\/p&gt;&quot;,&quot;start&quot;:&quot;2021-09-16&quot;,&quot;end&quot;:&quot;2021-09-17&quot;,&quot;borderColor&quot;:&quot;#E8E6ED&quot;,&quot;textColor&quot;:&quot;#ffffff&quot;,&quot;color&quot;:&quot;#57952E&quot;,&quot;url&quot;:&quot;&quot;,&quot;allDay&quot;:&quot;yes&quot;,&quot;external&quot;:&quot;&quot;,&quot;nofollow&quot;:&quot;&quot;},{&quot;id&quot;:2,&quot;title&quot;:&quot;Taller 1 -Doncello&quot;,&quot;description&quot;:&quot;&lt;p&gt;Taller 1: caracter\\u00edsticas bromatol\\u00f3gicas, nutricionales y de manejo PFNM y agroindustriales del departamento del Caquet\\u00e1.&lt;\\\/p&gt;&lt;p&gt;Hora: 9:30 AM&lt;\\\/p&gt;&lt;p&gt;Finca: El Pe\\u00f1on&lt;\\\/p&gt;&lt;p&gt;Vereda: Birmania&lt;\\\/p&gt;&quot;,&quot;start&quot;:&quot;2021-09-23&quot;,&quot;end&quot;:&quot;2021-09-24&quot;,&quot;borderColor&quot;:&quot;#E8E6ED&quot;,&quot;textColor&quot;:&quot;#ffffff&quot;,&quot;color&quot;:&quot;#57952E&quot;,&quot;url&quot;:&quot;&quot;,&quot;allDay&quot;:&quot;yes&quot;,&quot;external&quot;:&quot;&quot;,&quot;nofollow&quot;:&quot;&quot;},{&quot;id&quot;:3,&quot;title&quot;:&quot;Taller 1 - Doncello&quot;,&quot;description&quot;:&quot;&lt;p&gt;Taller 1: caracter\\u00edsticas bromatol\\u00f3gicas, nutricionales y de manejo PFNM y agroindustriales del departamento del Caquet\\u00e1.&lt;\\\/p&gt;&lt;p&gt;Hora: 9:30 AM&lt;\\\/p&gt;&lt;p&gt;Finca: Altamira&lt;\\\/p&gt;&lt;p&gt;Vereda: El Borugo&lt;\\\/p&gt;&quot;,&quot;start&quot;:&quot;2021-09-24&quot;,&quot;end&quot;:&quot;2021-09-25&quot;,&quot;borderColor&quot;:&quot;#E8E6ED&quot;,&quot;textColor&quot;:&quot;#ffffff&quot;,&quot;color&quot;:&quot;#57952E&quot;,&quot;url&quot;:&quot;&quot;,&quot;allDay&quot;:&quot;yes&quot;,&quot;external&quot;:&quot;&quot;,&quot;nofollow&quot;:&quot;&quot;},{&quot;id&quot;:4,&quot;title&quot;:&quot;Taller1-Cartagena&quot;,&quot;description&quot;:&quot;&lt;p&gt;Taller 1: caracter\\u00edsticas bromatol\\u00f3gicas, nutricionales y de manejo PFNM y agroindustriales del departamento del Caquet\\u00e1.&lt;\\\/p&gt;&lt;p&gt;Hora: 9:30 AM&lt;\\\/p&gt;&lt;p&gt;Finca: Arizona&lt;\\\/p&gt;&lt;p&gt;Vereda: Nueva Esperanza&lt;\\\/p&gt;&quot;,&quot;start&quot;:&quot;2021-09-30&quot;,&quot;end&quot;:&quot;2021-10-01&quot;,&quot;borderColor&quot;:&quot;#E8E6ED&quot;,&quot;textColor&quot;:&quot;#ffffff&quot;,&quot;color&quot;:&quot;#57952E&quot;,&quot;url&quot;:&quot;&quot;,&quot;allDay&quot;:&quot;yes&quot;,&quot;external&quot;:&quot;&quot;,&quot;nofollow&quot;:&quot;&quot;},{&quot;id&quot;:5,&quot;title&quot;:&quot;Taller 1-Cartagena&quot;,&quot;description&quot;:&quot;&lt;p&gt;Taller 1: caracter\\u00edsticas bromatol\\u00f3gicas, nutricionales y de manejo PFNM y agroindustriales del departamento del Caquet\\u00e1.&lt;\\\/p&gt;&lt;p&gt;Hora: 9:30 AM&lt;\\\/p&gt;&lt;p&gt;Finca: El Libano&lt;\\\/p&gt;&lt;p&gt;Vereda: La Primavera&lt;\\\/p&gt;&quot;,&quot;start&quot;:&quot;2021-10-01&quot;,&quot;end&quot;:&quot;2021-10-02&quot;,&quot;borderColor&quot;:&quot;#E8E6ED&quot;,&quot;textColor&quot;:&quot;#ffffff&quot;,&quot;color&quot;:&quot;#57952E&quot;,&quot;url&quot;:&quot;&quot;,&quot;allDay&quot;:&quot;yes&quot;,&quot;external&quot;:&quot;&quot;,&quot;nofollow&quot;:&quot;&quot;},{&quot;id&quot;:6,&quot;title&quot;:&quot;Taller1-Albania&quot;,&quot;description&quot;:&quot;&lt;p&gt;Taller 1: caracter\\u00edsticas bromatol\\u00f3gicas, nutricionales y de manejo PFNM y agroindustriales del departamento del Caquet\\u00e1.&lt;\\\/p&gt;&lt;p&gt;Hora: 9:30 AM&lt;\\\/p&gt;&lt;p&gt;Finca: El Para\\u00edso&lt;\\\/p&gt;&lt;p&gt;Vereda: El Rosal&lt;\\\/p&gt;&quot;,&quot;start&quot;:&quot;2021-10-07&quot;,&quot;end&quot;:&quot;2021-10-08&quot;,&quot;borderColor&quot;:&quot;#E8E6ED&quot;,&quot;textColor&quot;:&quot;#ffffff&quot;,&quot;color&quot;:&quot;#57952E&quot;,&quot;url&quot;:&quot;&quot;,&quot;allDay&quot;:&quot;yes&quot;,&quot;external&quot;:&quot;&quot;,&quot;nofollow&quot;:&quot;&quot;},{&quot;id&quot;:7,&quot;title&quot;:&quot;Taller1-Albania&quot;,&quot;description&quot;:&quot;&lt;p&gt;Taller 1&lt;\\\/p&gt;&lt;p&gt;Finca: La Reforma&lt;\\\/p&gt;&lt;p&gt;Vereda: Las Margaritas&lt;\\\/p&gt;&quot;,&quot;start&quot;:&quot;2021-10-08&quot;,&quot;end&quot;:&quot;2021-10-09&quot;,&quot;borderColor&quot;:&quot;#E8E6ED&quot;,&quot;textColor&quot;:&quot;#ffffff&quot;,&quot;color&quot;:&quot;#57952E&quot;,&quot;url&quot;:&quot;&quot;,&quot;allDay&quot;:&quot;yes&quot;,&quot;external&quot;:&quot;&quot;,&quot;nofollow&quot;:&quot;&quot;},{&quot;id&quot;:8,&quot;title&quot;:&quot;Taller2-San Vicente&quot;,&quot;description&quot;:&quot;&lt;p&gt;Taller 2: resiliencia y capacidad de carga ecol\\u00f3gica en el aprovechamiento sostenible de PFNM usados como materias primas en la alimentaci\\u00f3n de bovinos y porcinos&lt;\\\/p&gt;&lt;p&gt;Hora: 930 AM&lt;\\\/p&gt;&lt;p&gt;Finca: La Estrella&lt;\\\/p&gt;&lt;p&gt;Vereda: Ceibas Arriba&lt;\\\/p&gt;&quot;,&quot;start&quot;:&quot;2021-10-14&quot;,&quot;end&quot;:&quot;2021-10-15&quot;,&quot;borderColor&quot;:&quot;#E8E6ED&quot;,&quot;textColor&quot;:&quot;#ffffff&quot;,&quot;color&quot;:&quot;#57952E&quot;,&quot;url&quot;:&quot;&quot;,&quot;allDay&quot;:&quot;yes&quot;,&quot;external&quot;:&quot;&quot;,&quot;nofollow&quot;:&quot;&quot;},{&quot;id&quot;:9,&quot;title&quot;:&quot;Taller2-San Vicente&quot;,&quot;description&quot;:&quot;&lt;p&gt;Taller 2: resiliencia y capacidad de carga ecol\\u00f3gica en el aprovechamiento sostenible de PFNM usados como materias primas en la alimentaci\\u00f3n de bovinos y porcinos&lt;\\\/p&gt;&lt;p&gt;Hora: 930 AM&lt;\\\/p&gt;&lt;p&gt;Finca: La Ponderosa&lt;\\\/p&gt;&lt;p&gt;Vereda: Ceibas Arriba&lt;\\\/p&gt;&quot;,&quot;start&quot;:&quot;2021-10-15&quot;,&quot;end&quot;:&quot;2021-10-16&quot;,&quot;borderColor&quot;:&quot;#E8E6ED&quot;,&quot;textColor&quot;:&quot;#ffffff&quot;,&quot;color&quot;:&quot;#57952E&quot;,&quot;url&quot;:&quot;&quot;,&quot;allDay&quot;:&quot;yes&quot;,&quot;external&quot;:&quot;&quot;,&quot;nofollow&quot;:&quot;&quot;},{&quot;id&quot;:10,&quot;title&quot;:&quot;Taller 2-Puerto Rico&quot;,&quot;description&quot;:&quot;&lt;p&gt;Taller 2: resiliencia y capacidad de carga ecol\\u00f3gica en el aprovechamiento sostenible de PFNM usados como materias primas en la alimentaci\\u00f3n de bovinos y porcinos&lt;\\\/p&gt;&lt;p&gt;Hora: 930 AM&lt;\\\/p&gt;&lt;p&gt;Finca: El Brillante&lt;\\\/p&gt;&lt;p&gt;Vereda: La Parada&lt;\\\/p&gt;&quot;,&quot;start&quot;:&quot;2021-10-21&quot;,&quot;end&quot;:&quot;2021-10-22&quot;,&quot;borderColor&quot;:&quot;#E8E6ED&quot;,&quot;textColor&quot;:&quot;#ffffff&quot;,&quot;color&quot;:&quot;#57952E&quot;,&quot;url&quot;:&quot;&quot;,&quot;allDay&quot;:&quot;yes&quot;,&quot;external&quot;:&quot;&quot;,&quot;nofollow&quot;:&quot;&quot;},{&quot;id&quot;:11,&quot;title&quot;:&quot;Taller 2-Puerto Rico&quot;,&quot;description&quot;:&quot;&lt;p&gt;Taller 2: resiliencia y capacidad de carga ecol\\u00f3gica en el aprovechamiento sostenible de PFNM usados como materias primas en la alimentaci\\u00f3n de bovinos y porcinos&lt;\\\/p&gt;&lt;p&gt;Hora: 930 AM&lt;\\\/p&gt;&lt;p&gt;Finca: El Bosque&lt;\\\/p&gt;&lt;p&gt;Vereda: Arenoso Bajo&lt;\\\/p&gt;&quot;,&quot;start&quot;:&quot;2021-10-22&quot;,&quot;end&quot;:&quot;2021-10-23&quot;,&quot;borderColor&quot;:&quot;#E8E6ED&quot;,&quot;textColor&quot;:&quot;#ffffff&quot;,&quot;color&quot;:&quot;#57952E&quot;,&quot;url&quot;:&quot;&quot;,&quot;allDay&quot;:&quot;yes&quot;,&quot;external&quot;:&quot;&quot;,&quot;nofollow&quot;:&quot;&quot;},{&quot;id&quot;:12,&quot;title&quot;:&quot;Taller 2-Doncello&quot;,&quot;description&quot;:&quot;&lt;p&gt;Taller 2: resiliencia y capacidad de carga ecol\\u00f3gica en el aprovechamiento sostenible de PFNM usados como materias primas en la alimentaci\\u00f3n de bovinos y porcinos&lt;\\\/p&gt;&lt;p&gt;Hora: 930 AM&lt;\\\/p&gt;&lt;p&gt;Finca: El Pe\\u00f1on&lt;\\\/p&gt;&lt;p&gt;Vereda: Birmania&lt;\\\/p&gt;&quot;,&quot;start&quot;:&quot;2021-10-28&quot;,&quot;end&quot;:&quot;2021-10-29&quot;,&quot;borderColor&quot;:&quot;#E8E6ED&quot;,&quot;textColor&quot;:&quot;#ffffff&quot;,&quot;color&quot;:&quot;#57952E&quot;,&quot;url&quot;:&quot;&quot;,&quot;allDay&quot;:&quot;yes&quot;,&quot;external&quot;:&quot;&quot;,&quot;nofollow&quot;:&quot;&quot;},{&quot;id&quot;:13,&quot;title&quot;:&quot;Taller 2-Doncello&quot;,&quot;description&quot;:&quot;&lt;p&gt;Taller 2: resiliencia y capacidad de carga ecol\\u00f3gica en el aprovechamiento sostenible de PFNM usados como materias primas en la alimentaci\\u00f3n de bovinos y porcinos&lt;\\\/p&gt;&lt;p&gt;Hora: 930 AM&lt;\\\/p&gt;&lt;p&gt;Finca: Altamira&lt;\\\/p&gt;&lt;p&gt;Vereda: El Borugo&lt;\\\/p&gt;&quot;,&quot;start&quot;:&quot;2021-10-29&quot;,&quot;end&quot;:&quot;2021-10-30&quot;,&quot;borderColor&quot;:&quot;#E8E6ED&quot;,&quot;textColor&quot;:&quot;#ffffff&quot;,&quot;color&quot;:&quot;#57952E&quot;,&quot;url&quot;:&quot;&quot;,&quot;allDay&quot;:&quot;yes&quot;,&quot;external&quot;:&quot;&quot;,&quot;nofollow&quot;:&quot;&quot;},{&quot;id&quot;:14,&quot;title&quot;:&quot;Taller 2-Cartagena&quot;,&quot;description&quot;:&quot;&lt;p&gt;Taller 2: resiliencia y capacidad de carga ecol\\u00f3gica en el aprovechamiento sostenible de PFNM usados como materias primas en la alimentaci\\u00f3n de bovinos y porcinos&lt;\\\/p&gt;&lt;p&gt;Hora: 930 AM&lt;\\\/p&gt;&lt;p&gt;Finca: Arizona&lt;\\\/p&gt;&lt;p&gt;Vereda: Nueva Esperanza&lt;\\\/p&gt;&quot;,&quot;start&quot;:&quot;2021-11-04&quot;,&quot;end&quot;:&quot;2021-11-05&quot;,&quot;borderColor&quot;:&quot;#E8E6ED&quot;,&quot;textColor&quot;:&quot;#ffffff&quot;,&quot;color&quot;:&quot;#57952E&quot;,&quot;url&quot;:&quot;&quot;,&quot;allDay&quot;:&quot;yes&quot;,&quot;external&quot;:&quot;&quot;,&quot;nofollow&quot;:&quot;&quot;},{&quot;id&quot;:15,&quot;title&quot;:&quot;Taller 2-Cartagena&quot;,&quot;description&quot;:&quot;&lt;p&gt;Taller 2: resiliencia y capacidad de carga ecol\\u00f3gica en el aprovechamiento sostenible de PFNM usados como materias primas en la alimentaci\\u00f3n de bovinos y porcinos&lt;\\\/p&gt;&lt;p&gt;Hora: 930 AM&lt;\\\/p&gt;&lt;p&gt;Finca: El Libano&lt;\\\/p&gt;&lt;p&gt;Vereda: La Primavera&lt;\\\/p&gt;&quot;,&quot;start&quot;:&quot;2021-11-05&quot;,&quot;end&quot;:&quot;2021-11-06&quot;,&quot;borderColor&quot;:&quot;#E8E6ED&quot;,&quot;textColor&quot;:&quot;#ffffff&quot;,&quot;color&quot;:&quot;#57952E&quot;,&quot;url&quot;:&quot;&quot;,&quot;allDay&quot;:&quot;yes&quot;,&quot;external&quot;:&quot;&quot;,&quot;nofollow&quot;:&quot;&quot;},{&quot;id&quot;:16,&quot;title&quot;:&quot;Taller 2-Albania&quot;,&quot;description&quot;:&quot;&lt;p&gt;Taller 2: resiliencia y capacidad de carga ecol\\u00f3gica en el aprovechamiento sostenible de PFNM usados como materias primas en la alimentaci\\u00f3n de bovinos y porcinos&lt;\\\/p&gt;&lt;p&gt;Hora: 930 AM&lt;\\\/p&gt;&lt;p&gt;Finca: El Para\\u00edso&lt;\\\/p&gt;&lt;p&gt;Vereda: El Rosal&lt;\\\/p&gt;&quot;,&quot;start&quot;:&quot;2021-11-11&quot;,&quot;end&quot;:&quot;2021-11-12&quot;,&quot;borderColor&quot;:&quot;#E8E6ED&quot;,&quot;textColor&quot;:&quot;#ffffff&quot;,&quot;color&quot;:&quot;#57952E&quot;,&quot;url&quot;:&quot;&quot;,&quot;allDay&quot;:&quot;yes&quot;,&quot;external&quot;:&quot;&quot;,&quot;nofollow&quot;:&quot;&quot;},{&quot;id&quot;:17,&quot;title&quot;:&quot;Taller 2-Albania&quot;,&quot;description&quot;:&quot;&lt;p&gt;Taller 2: resiliencia y capacidad de carga ecol\\u00f3gica en el aprovechamiento sostenible de PFNM usados como materias primas en la alimentaci\\u00f3n de bovinos y porcinos&lt;\\\/p&gt;&lt;p&gt;Hora: 930 AM&lt;\\\/p&gt;&lt;p&gt;Finca: La Reforma&lt;\\\/p&gt;&lt;p&gt;Vereda: Las Margaritas&lt;\\\/p&gt;&quot;,&quot;start&quot;:&quot;2021-11-12&quot;,&quot;end&quot;:&quot;2021-11-13&quot;,&quot;borderColor&quot;:&quot;#E8E6ED&quot;,&quot;textColor&quot;:&quot;#ffffff&quot;,&quot;color&quot;:&quot;#57952E&quot;,&quot;url&quot;:&quot;&quot;,&quot;allDay&quot;:&quot;yes&quot;,&quot;external&quot;:&quot;&quot;,&quot;nofollow&quot;:&quot;&quot;},{&quot;id&quot;:18,&quot;title&quot;:&quot;Taller 3-San Vicente&quot;,&quot;description&quot;:&quot;&lt;p&gt;Taller 3: evaluaci\\u00f3n de par\\u00e1metros productivos de bovinos y porcinos nutridos con alimentos balanceados a base de PFNM y agroindustriales del departamento del Caquet\\u00e1.&lt;\\\/p&gt;&lt;p&gt;Hora: 9:30 AM&lt;\\\/p&gt;&lt;p&gt;Finca: La Estrella&lt;\\\/p&gt;&lt;p&gt;Vereda: Ceibas Arriba&lt;\\\/p&gt;&quot;,&quot;start&quot;:&quot;2021-11-18&quot;,&quot;end&quot;:&quot;2021-11-19&quot;,&quot;borderColor&quot;:&quot;#E8E6ED&quot;,&quot;textColor&quot;:&quot;#ffffff&quot;,&quot;color&quot;:&quot;#57952E&quot;,&quot;url&quot;:&quot;&quot;,&quot;allDay&quot;:&quot;yes&quot;,&quot;external&quot;:&quot;&quot;,&quot;nofollow&quot;:&quot;&quot;},{&quot;id&quot;:19,&quot;title&quot;:&quot;Taller 3-San Vicente&quot;,&quot;description&quot;:&quot;&lt;p&gt;Taller 3: evaluaci\\u00f3n de par\\u00e1metros productivos de bovinos y porcinos nutridos con alimentos balanceados a base de PFNM y agroindustriales del departamento del Caquet\\u00e1.&lt;\\\/p&gt;&lt;p&gt;Hora: 9:30 AM&lt;\\\/p&gt;&lt;p&gt;Finca: La Ponderosa&lt;\\\/p&gt;&lt;p&gt;Vereda: Ceibas Arriba&lt;\\\/p&gt;&quot;,&quot;start&quot;:&quot;2021-11-19&quot;,&quot;end&quot;:&quot;2021-11-20&quot;,&quot;borderColor&quot;:&quot;#E8E6ED&quot;,&quot;textColor&quot;:&quot;#ffffff&quot;,&quot;color&quot;:&quot;#57952E&quot;,&quot;url&quot;:&quot;&quot;,&quot;allDay&quot;:&quot;yes&quot;,&quot;external&quot;:&quot;&quot;,&quot;nofollow&quot;:&quot;&quot;},{&quot;id&quot;:20,&quot;title&quot;:&quot;Taller 3-Puerto Rico&quot;,&quot;description&quot;:&quot;&lt;p&gt;Taller 3: evaluaci\\u00f3n de par\\u00e1metros productivos de bovinos y porcinos nutridos con alimentos balanceados a base de PFNM y agroindustriales del departamento del Caquet\\u00e1.&lt;\\\/p&gt;&lt;p&gt;Hora: 9:30 AM&lt;\\\/p&gt;&lt;p&gt;Finca: El Brillante&lt;\\\/p&gt;&lt;p&gt;Vereda: La Parada&lt;\\\/p&gt;&quot;,&quot;start&quot;:&quot;2021-11-25&quot;,&quot;end&quot;:&quot;2021-11-26&quot;,&quot;borderColor&quot;:&quot;#E8E6ED&quot;,&quot;textColor&quot;:&quot;#ffffff&quot;,&quot;color&quot;:&quot;#57952E&quot;,&quot;url&quot;:&quot;&quot;,&quot;allDay&quot;:&quot;yes&quot;,&quot;external&quot;:&quot;&quot;,&quot;nofollow&quot;:&quot;&quot;},{&quot;id&quot;:21,&quot;title&quot;:&quot;Taller 3-Puerto Rico&quot;,&quot;description&quot;:&quot;&lt;p&gt;Taller 3: evaluaci\\u00f3n de par\\u00e1metros productivos de bovinos y porcinos nutridos con alimentos balanceados a base de PFNM y agroindustriales del departamento del Caquet\\u00e1.&lt;\\\/p&gt;&lt;p&gt;Hora: 9:30 AM&lt;\\\/p&gt;&lt;p&gt;Finca: El Bosque&lt;\\\/p&gt;&lt;p&gt;Vereda: Arenoso Bajo&lt;\\\/p&gt;&quot;,&quot;start&quot;:&quot;2021-11-26&quot;,&quot;end&quot;:&quot;2021-11-27&quot;,&quot;borderColor&quot;:&quot;#E8E6ED&quot;,&quot;textColor&quot;:&quot;#ffffff&quot;,&quot;color&quot;:&quot;#57952E&quot;,&quot;url&quot;:&quot;&quot;,&quot;allDay&quot;:&quot;yes&quot;,&quot;external&quot;:&quot;&quot;,&quot;nofollow&quot;:&quot;&quot;},{&quot;id&quot;:22,&quot;title&quot;:&quot;Taller 3-Doncello&quot;,&quot;description&quot;:&quot;&lt;p&gt;Taller 3: evaluaci\\u00f3n de par\\u00e1metros productivos de bovinos y porcinos nutridos con alimentos balanceados a base de PFNM y agroindustriales del departamento del Caquet\\u00e1.&lt;\\\/p&gt;&lt;p&gt;Hora: 9:30 AM&lt;\\\/p&gt;&lt;p&gt;Finca: El Pe\\u00f1on&lt;\\\/p&gt;&lt;p&gt;Vereda: Birmania&lt;\\\/p&gt;&quot;,&quot;start&quot;:&quot;2021-12-02&quot;,&quot;end&quot;:&quot;2021-12-03&quot;,&quot;borderColor&quot;:&quot;#E8E6ED&quot;,&quot;textColor&quot;:&quot;#ffffff&quot;,&quot;color&quot;:&quot;#57952E&quot;,&quot;url&quot;:&quot;&quot;,&quot;allDay&quot;:&quot;yes&quot;,&quot;external&quot;:&quot;&quot;,&quot;nofollow&quot;:&quot;&quot;},{&quot;id&quot;:23,&quot;title&quot;:&quot;Taller 3-Doncello&quot;,&quot;description&quot;:&quot;&lt;p&gt;Taller 3: evaluaci\\u00f3n de par\\u00e1metros productivos de bovinos y porcinos nutridos con alimentos balanceados a base de PFNM y agroindustriales del departamento del Caquet\\u00e1.&lt;\\\/p&gt;&lt;p&gt;Hora: 9:30 AM&lt;\\\/p&gt;&lt;p&gt;Finca: Altamira&lt;\\\/p&gt;&lt;p&gt;Vereda: El Borugo&lt;\\\/p&gt;&quot;,&quot;start&quot;:&quot;2021-12-03&quot;,&quot;end&quot;:&quot;2021-12-04&quot;,&quot;borderColor&quot;:&quot;#E8E6ED&quot;,&quot;textColor&quot;:&quot;#ffffff&quot;,&quot;color&quot;:&quot;#57952E&quot;,&quot;url&quot;:&quot;&quot;,&quot;allDay&quot;:&quot;yes&quot;,&quot;external&quot;:&quot;&quot;,&quot;nofollow&quot;:&quot;&quot;},{&quot;id&quot;:24,&quot;title&quot;:&quot;Taller 3-Cartagena&quot;,&quot;description&quot;:&quot;&lt;p&gt;Taller 3: evaluaci\\u00f3n de par\\u00e1metros productivos de bovinos y porcinos nutridos con alimentos balanceados a base de PFNM y agroindustriales del departamento del Caquet\\u00e1.&lt;\\\/p&gt;&lt;p&gt;Hora: 9:30 AM&lt;\\\/p&gt;&lt;p&gt;Finca: Arizona&lt;\\\/p&gt;&lt;p&gt;Vereda: Nueva Esperanza&lt;\\\/p&gt;&quot;,&quot;start&quot;:&quot;2021-12-09&quot;,&quot;end&quot;:&quot;2021-12-10&quot;,&quot;borderColor&quot;:&quot;#E8E6ED&quot;,&quot;textColor&quot;:&quot;#ffffff&quot;,&quot;color&quot;:&quot;#57952E&quot;,&quot;url&quot;:&quot;&quot;,&quot;allDay&quot;:&quot;yes&quot;,&quot;external&quot;:&quot;&quot;,&quot;nofollow&quot;:&quot;&quot;},{&quot;id&quot;:25,&quot;title&quot;:&quot;Taller 3-Cartagena&quot;,&quot;description&quot;:&quot;&lt;p&gt;Taller 3: evaluaci\\u00f3n de par\\u00e1metros productivos de bovinos y porcinos nutridos con alimentos balanceados a base de PFNM y agroindustriales del departamento del Caquet\\u00e1.&lt;\\\/p&gt;&lt;p&gt;Hora: 9:30 AM&lt;\\\/p&gt;&lt;p&gt;Finca: El Libano&lt;\\\/p&gt;&lt;p&gt;Vereda: La Primavera&lt;\\\/p&gt;&quot;,&quot;start&quot;:&quot;2021-12-10&quot;,&quot;end&quot;:&quot;2021-12-11&quot;,&quot;borderColor&quot;:&quot;#E8E6ED&quot;,&quot;textColor&quot;:&quot;#ffffff&quot;,&quot;color&quot;:&quot;#57952E&quot;,&quot;url&quot;:&quot;&quot;,&quot;allDay&quot;:&quot;yes&quot;,&quot;external&quot;:&quot;&quot;,&quot;nofollow&quot;:&quot;&quot;},{&quot;id&quot;:26,&quot;title&quot;:&quot;Taller 3-Albania&quot;,&quot;description&quot;:&quot;&lt;p&gt;Taller 3: evaluaci\\u00f3n de par\\u00e1metros productivos de bovinos y porcinos nutridos con alimentos balanceados a base de PFNM y agroindustriales del departamento del Caquet\\u00e1.&lt;\\\/p&gt;&lt;p&gt;Hora: 9:30 AM&lt;\\\/p&gt;&lt;p&gt;Finca: El Para\\u00edso&lt;\\\/p&gt;&lt;p&gt;Vereda: El Rosal&lt;\\\/p&gt;&quot;,&quot;start&quot;:&quot;2021-12-16&quot;,&quot;end&quot;:&quot;2021-12-17&quot;,&quot;borderColor&quot;:&quot;#E8E6ED&quot;,&quot;textColor&quot;:&quot;#ffffff&quot;,&quot;color&quot;:&quot;#57952E&quot;,&quot;url&quot;:&quot;&quot;,&quot;allDay&quot;:&quot;yes&quot;,&quot;external&quot;:&quot;&quot;,&quot;nofollow&quot;:&quot;&quot;},{&quot;id&quot;:27,&quot;title&quot;:&quot;Taller 3-Albania&quot;,&quot;description&quot;:&quot;&lt;p&gt;Taller 3&lt;\\\/p&gt;&lt;p&gt;Finca: La Ponderosa&lt;\\\/p&gt;&lt;p&gt;Vereda: Ceibas Arriba&lt;\\\/p&gt;&quot;,&quot;start&quot;:&quot;2021-12-17&quot;,&quot;end&quot;:&quot;2021-12-18&quot;,&quot;borderColor&quot;:&quot;#E8E6ED&quot;,&quot;textColor&quot;:&quot;#ffffff&quot;,&quot;color&quot;:&quot;#57952E&quot;,&quot;url&quot;:&quot;&quot;,&quot;allDay&quot;:&quot;yes&quot;,&quot;external&quot;:&quot;&quot;,&quot;nofollow&quot;:&quot;&quot;}]\"\n            data-first_day=\"0\"><\/div>\n            <div id=\"eaelecModal\" class=\"eaelec-modal eael-zoom-in\">\n            <div class=\"eael-ec-modal-bg\"><\/div>\n            <div class=\"eaelec-modal-content\">\n                <div class=\"eaelec-modal-header\">\n                    <div class=\"eaelec-modal-close\"><span><i class=\"fas fa-times\"><\/i><\/span><\/div>\n                    <h2 class=\"eael-ec-modal-title\"><\/h2>\n                    <span class=\"eaelec-event-date-start eaelec-event-popup-date\"><\/span>\n                    <span class=\"eaelec-event-date-end eaelec-event-popup-date\"><\/span>\n                <\/div>\n                <div class=\"eaelec-modal-body\">\n                    <p><\/p>\n                <\/div>\n                <div class=\"eaelec-modal-footer\">\n                    <a class=\"eaelec-event-details-link\">Event Details<\/a>\n                <\/div>\n            <\/div>\n        <\/div>\n        <\/div>\t\t<\/div>\n\t\t\t\t<\/div>\n\t\t\t\t\t<\/div>\n\t\t<\/div>\n\t\t\t\t\t\t\t<\/div>\n\t\t<\/section>\n\t\t\t\t\t\t<\/div>\n\t\t\t\t\t<\/div>\n\t\t","protected":false},"excerpt":{"rendered":"<p>Cronograma Event Details<\/p>\n","protected":false},"author":1,"featured_media":0,"parent":0,"menu_order":0,"comment_status":"closed","ping_status":"closed","template":"","meta":[],"_links":{"self":[{"href":"https:\/\/www.uniamazonia.edu.co\/arainmba\/index.php\/wp-json\/wp\/v2\/pages\/244"}],"collection":[{"href":"https:\/\/www.uniamazonia.edu.co\/arainmba\/index.php\/wp-json\/wp\/v2\/pages"}],"about":[{"href":"https:\/\/www.uniamazonia.edu.co\/arainmba\/index.php\/wp-json\/wp\/v2\/types\/page"}],"author":[{"embeddable":true,"href":"https:\/\/www.uniamazonia.edu.co\/arainmba\/index.php\/wp-json\/wp\/v2\/users\/1"}],"replies":[{"embeddable":true,"href":"https:\/\/www.uniamazonia.edu.co\/arainmba\/index.php\/wp-json\/wp\/v2\/comments?post=244"}],"version-history":[{"count":22,"href":"https:\/\/www.uniamazonia.edu.co\/arainmba\/index.php\/wp-json\/wp\/v2\/pages\/244\/revisions"}],"predecessor-version":[{"id":988,"href":"https:\/\/www.uniamazonia.edu.co\/arainmba\/index.php\/wp-json\/wp\/v2\/pages\/244\/revisions\/988"}],"wp:attachment":[{"href":"https:\/\/www.uniamazonia.edu.co\/arainmba\/index.php\/wp-json\/wp\/v2\/media?parent=244"}],"curies":[{"name":"wp","href":"https:\/\/api.w.org\/{rel}","templated":true}]}}